{"id":3513,"date":"2026-01-26T19:54:19","date_gmt":"2026-01-26T19:54:19","guid":{"rendered":"https:\/\/laestaciononline.com.ar\/?page_id=3513"},"modified":"2026-04-07T13:03:31","modified_gmt":"2026-04-07T13:03:31","slug":"provincia-de-buenos-aires","status":"publish","type":"page","link":"https:\/\/laestaciononline.com.ar\/?page_id=3513","title":{"rendered":"Provincia de Buenos Aires"},"content":{"rendered":"\n<figure class=\"wp-block-embed is-type-wp-embed is-provider-embed wp-block-embed-embed\"><div class=\"wp-block-embed__wrapper\">\n<blockquote class=\"wp-embedded-content\" data-secret=\"9HRVE2n06I\"><a href=\"https:\/\/laestaciononline.com.ar\/?p=4144\">Durante \u00faltimo a\u00f1o el municipio forest\u00f3 con mas de mil plantas nativas los espacios p\u00fablicos del distrito<\/a><\/blockquote><iframe loading=\"lazy\" class=\"wp-embedded-content\" sandbox=\"allow-scripts\" security=\"restricted\" style=\"position: absolute; visibility: hidden;\" title=\"&#8220;Durante \u00faltimo a\u00f1o el municipio forest\u00f3 con mas de mil plantas nativas los espacios p\u00fablicos del distrito&#8221; &#8212; \" src=\"https:\/\/laestaciononline.com.ar\/?p=4144&#038;embed=true#?secret=7Zw4rK6RGe#?secret=9HRVE2n06I\" data-secret=\"9HRVE2n06I\" width=\"600\" height=\"338\" frameborder=\"0\" marginwidth=\"0\" marginheight=\"0\" scrolling=\"no\"><\/iframe>\n<\/div><\/figure>\n\n\n\n<figure class=\"wp-block-embed is-type-wp-embed is-provider-embed wp-block-embed-embed\"><div class=\"wp-block-embed__wrapper\">\n<blockquote class=\"wp-embedded-content\" data-secret=\"mAUS7JCpAJ\"><a href=\"https:\/\/laestaciononline.com.ar\/?p=3908\">Gobierno bonaerense acuerda recomposici\u00f3n salarial del 9% para estatales en tres cuotas<\/a><\/blockquote><iframe loading=\"lazy\" class=\"wp-embedded-content\" sandbox=\"allow-scripts\" security=\"restricted\" style=\"position: absolute; visibility: hidden;\" title=\"&#8220;Gobierno bonaerense acuerda recomposici\u00f3n salarial del 9% para estatales en tres cuotas&#8221; &#8212; \" src=\"https:\/\/laestaciononline.com.ar\/?p=3908&#038;embed=true#?secret=WpWDyqUN07#?secret=mAUS7JCpAJ\" data-secret=\"mAUS7JCpAJ\" width=\"600\" height=\"338\" frameborder=\"0\" marginwidth=\"0\" marginheight=\"0\" scrolling=\"no\"><\/iframe>\n<\/div><\/figure>\n\n\n\n<figure class=\"wp-block-embed is-type-wp-embed is-provider-embed wp-block-embed-embed\"><div class=\"wp-block-embed__wrapper\">\n<blockquote class=\"wp-embedded-content\" data-secret=\"JoAEKG4pMr\"><a href=\"https:\/\/laestaciononline.com.ar\/?p=3893\">Kicillof arranc\u00f3 su gesti\u00f3n con dureza contra Milei y anunci\u00f3 5 propuestas clave para la Provincia<\/a><\/blockquote><iframe loading=\"lazy\" class=\"wp-embedded-content\" sandbox=\"allow-scripts\" security=\"restricted\" style=\"position: absolute; visibility: hidden;\" title=\"&#8220;Kicillof arranc\u00f3 su gesti\u00f3n con dureza contra Milei y anunci\u00f3 5 propuestas clave para la Provincia&#8221; &#8212; \" src=\"https:\/\/laestaciononline.com.ar\/?p=3893&#038;embed=true#?secret=ntJTnxOSNW#?secret=JoAEKG4pMr\" data-secret=\"JoAEKG4pMr\" width=\"600\" height=\"338\" frameborder=\"0\" marginwidth=\"0\" marginheight=\"0\" scrolling=\"no\"><\/iframe>\n<\/div><\/figure>\n\n\n\n<figure class=\"wp-block-embed is-type-wp-embed is-provider-embed wp-block-embed-embed\"><div class=\"wp-block-embed__wrapper\">\n<blockquote class=\"wp-embedded-content\" data-secret=\"RotxQoXPag\"><a href=\"https:\/\/laestaciononline.com.ar\/?p=3765\">Docentes bonaerenses anunciaran paro de 24 hs y ponen en riesgo el inicio de clases<\/a><\/blockquote><iframe loading=\"lazy\" class=\"wp-embedded-content\" sandbox=\"allow-scripts\" security=\"restricted\" style=\"position: absolute; visibility: hidden;\" title=\"&#8220;Docentes bonaerenses anunciaran paro de 24 hs y ponen en riesgo el inicio de clases&#8221; &#8212; \" src=\"https:\/\/laestaciononline.com.ar\/?p=3765&#038;embed=true#?secret=VaEhlBObx6#?secret=RotxQoXPag\" data-secret=\"RotxQoXPag\" width=\"600\" height=\"338\" frameborder=\"0\" marginwidth=\"0\" marginheight=\"0\" scrolling=\"no\"><\/iframe>\n<\/div><\/figure>\n\n\n\n<figure class=\"wp-block-embed is-type-wp-embed is-provider-embed wp-block-embed-embed\"><div class=\"wp-block-embed__wrapper\">\n<blockquote class=\"wp-embedded-content\" data-secret=\"3WoJsYuFHT\"><a href=\"https:\/\/laestaciononline.com.ar\/?p=3714\">Choque fatal en Avellaneda: tras robar una camioneta, los ladrones embistieron a un polic\u00eda y lo mataron<\/a><\/blockquote><iframe loading=\"lazy\" class=\"wp-embedded-content\" sandbox=\"allow-scripts\" security=\"restricted\" style=\"position: absolute; visibility: hidden;\" title=\"&#8220;Choque fatal en Avellaneda: tras robar una camioneta, los ladrones embistieron a un polic\u00eda y lo mataron&#8221; &#8212; \" src=\"https:\/\/laestaciononline.com.ar\/?p=3714&#038;embed=true#?secret=Qap3qzeOkG#?secret=3WoJsYuFHT\" data-secret=\"3WoJsYuFHT\" width=\"600\" height=\"338\" frameborder=\"0\" marginwidth=\"0\" marginheight=\"0\" scrolling=\"no\"><\/iframe>\n<\/div><\/figure>\n\n\n\n<figure class=\"wp-block-embed is-type-wp-embed is-provider-embed wp-block-embed-embed\"><div class=\"wp-block-embed__wrapper\">\n<blockquote class=\"wp-embedded-content\" data-secret=\"zdOqRqIBcF\"><a href=\"https:\/\/laestaciononline.com.ar\/?p=3671\">Sin heridos: se desat\u00f3 un fuego en una f\u00e1brica de pl\u00e1sticos en Ezeiza<\/a><\/blockquote><iframe loading=\"lazy\" class=\"wp-embedded-content\" sandbox=\"allow-scripts\" security=\"restricted\" style=\"position: absolute; visibility: hidden;\" title=\"&#8220;Sin heridos: se desat\u00f3 un fuego en una f\u00e1brica de pl\u00e1sticos en Ezeiza&#8221; &#8212; \" src=\"https:\/\/laestaciononline.com.ar\/?p=3671&#038;embed=true#?secret=U982FnnRCx#?secret=zdOqRqIBcF\" data-secret=\"zdOqRqIBcF\" width=\"600\" height=\"338\" frameborder=\"0\" marginwidth=\"0\" marginheight=\"0\" scrolling=\"no\"><\/iframe>\n<\/div><\/figure>\n\n\n\n<figure class=\"wp-block-embed is-type-wp-embed is-provider-embed wp-block-embed-embed\"><div class=\"wp-block-embed__wrapper\">\n<blockquote class=\"wp-embedded-content\" data-secret=\"u3DdQm2dcG\"><a href=\"https:\/\/laestaciononline.com.ar\/?p=3640\">Caso Basti\u00e1n: restringen la circulaci\u00f3n de camionetas 4&#215;4 y veh\u00edculos off road en La Frontera de Pinamar<\/a><\/blockquote><iframe loading=\"lazy\" class=\"wp-embedded-content\" sandbox=\"allow-scripts\" security=\"restricted\" style=\"position: absolute; visibility: hidden;\" title=\"&#8220;Caso Basti\u00e1n: restringen la circulaci\u00f3n de camionetas 4&#215;4 y veh\u00edculos off road en La Frontera de Pinamar&#8221; &#8212; \" src=\"https:\/\/laestaciononline.com.ar\/?p=3640&#038;embed=true#?secret=pZmc4ei7gJ#?secret=u3DdQm2dcG\" data-secret=\"u3DdQm2dcG\" width=\"600\" height=\"338\" frameborder=\"0\" marginwidth=\"0\" marginheight=\"0\" scrolling=\"no\"><\/iframe>\n<\/div><\/figure>\n\n\n\n<figure class=\"wp-block-embed is-type-wp-embed is-provider-embed wp-block-embed-embed\"><div class=\"wp-block-embed__wrapper\">\n<blockquote class=\"wp-embedded-content\" data-secret=\"BWNTetM3pY\"><a href=\"https:\/\/laestaciononline.com.ar\/?p=3631\">Habilitan la inscripci\u00f3n al Plan FinEs 2026 en Alte Brown<\/a><\/blockquote><iframe loading=\"lazy\" class=\"wp-embedded-content\" sandbox=\"allow-scripts\" security=\"restricted\" style=\"position: absolute; visibility: hidden;\" title=\"&#8220;Habilitan la inscripci\u00f3n al Plan FinEs 2026 en Alte Brown&#8221; &#8212; \" src=\"https:\/\/laestaciononline.com.ar\/?p=3631&#038;embed=true#?secret=M0HfDb9yeZ#?secret=BWNTetM3pY\" data-secret=\"BWNTetM3pY\" width=\"600\" height=\"338\" frameborder=\"0\" marginwidth=\"0\" marginheight=\"0\" scrolling=\"no\"><\/iframe>\n<\/div><\/figure>\n\n\n\n<figure class=\"wp-block-embed is-type-wp-embed is-provider-embed wp-block-embed-embed\"><div class=\"wp-block-embed__wrapper\">\n<blockquote class=\"wp-embedded-content\" data-secret=\"24Y6eVlQpn\"><a href=\"https:\/\/laestaciononline.com.ar\/?p=3609\">Indignaci\u00f3n en La Lucila del Mar: un turista molest\u00f3 a un lobo marino y gener\u00f3 pol\u00e9mica<\/a><\/blockquote><iframe loading=\"lazy\" class=\"wp-embedded-content\" sandbox=\"allow-scripts\" security=\"restricted\" style=\"position: absolute; visibility: hidden;\" title=\"&#8220;Indignaci\u00f3n en La Lucila del Mar: un turista molest\u00f3 a un lobo marino y gener\u00f3 pol\u00e9mica&#8221; &#8212; \" src=\"https:\/\/laestaciononline.com.ar\/?p=3609&#038;embed=true#?secret=Kus7UL0LAz#?secret=24Y6eVlQpn\" data-secret=\"24Y6eVlQpn\" width=\"600\" height=\"338\" frameborder=\"0\" marginwidth=\"0\" marginheight=\"0\" scrolling=\"no\"><\/iframe>\n<\/div><\/figure>\n\n\n\n<figure class=\"wp-block-embed is-type-wp-embed is-provider-embed wp-block-embed-embed\"><div class=\"wp-block-embed__wrapper\">\n<blockquote class=\"wp-embedded-content\" data-secret=\"mQRWl5790s\"><a href=\"https:\/\/laestaciononline.com.ar\/?p=3587\">Cientos de vecinos disfrutaron de una nueva jornada de &#8220;Cine de Verano&#8221; en Brown<\/a><\/blockquote><iframe loading=\"lazy\" class=\"wp-embedded-content\" sandbox=\"allow-scripts\" security=\"restricted\" style=\"position: absolute; visibility: hidden;\" title=\"&#8220;Cientos de vecinos disfrutaron de una nueva jornada de &#8220;Cine de Verano&#8221; en Brown&#8221; &#8212; \" src=\"https:\/\/laestaciononline.com.ar\/?p=3587&#038;embed=true#?secret=PDHlvyqE6t#?secret=mQRWl5790s\" data-secret=\"mQRWl5790s\" width=\"600\" height=\"338\" frameborder=\"0\" marginwidth=\"0\" marginheight=\"0\" scrolling=\"no\"><\/iframe>\n<\/div><\/figure>\n\n\n\n<figure class=\"wp-block-embed is-type-wp-embed is-provider-embed wp-block-embed-embed\"><div class=\"wp-block-embed__wrapper\">\n<blockquote class=\"wp-embedded-content\" data-secret=\"Hap3e14wpm\"><a href=\"https:\/\/laestaciononline.com.ar\/?p=3268\">La VTV aumentar\u00e1 21,8% en la provincia de Buenos Aires: c\u00f3mo quedar\u00e1 la nueva tarifa<\/a><\/blockquote><iframe loading=\"lazy\" class=\"wp-embedded-content\" sandbox=\"allow-scripts\" security=\"restricted\" style=\"position: absolute; visibility: hidden;\" title=\"&#8220;La VTV aumentar\u00e1 21,8% en la provincia de Buenos Aires: c\u00f3mo quedar\u00e1 la nueva tarifa&#8221; &#8212; \" src=\"https:\/\/laestaciononline.com.ar\/?p=3268&#038;embed=true#?secret=ywxmfvfvud#?secret=Hap3e14wpm\" data-secret=\"Hap3e14wpm\" width=\"600\" height=\"338\" frameborder=\"0\" marginwidth=\"0\" marginheight=\"0\" scrolling=\"no\"><\/iframe>\n<\/div><\/figure>\n\n\n\n<figure class=\"wp-block-embed is-type-wp-embed is-provider-embed wp-block-embed-embed\"><div class=\"wp-block-embed__wrapper\">\n<blockquote class=\"wp-embedded-content\" data-secret=\"p07R9TCw6C\"><a href=\"https:\/\/laestaciononline.com.ar\/?p=23\">Juli\u00e1n \u00c1lvarez particip\u00f3 del cierre de la Semana de las Artes junto a m\u00e1s de 40 instituciones de Lan\u00fas<\/a><\/blockquote><iframe loading=\"lazy\" class=\"wp-embedded-content\" sandbox=\"allow-scripts\" security=\"restricted\" style=\"position: absolute; visibility: hidden;\" title=\"&#8220;Juli\u00e1n \u00c1lvarez particip\u00f3 del cierre de la Semana de las Artes junto a m\u00e1s de 40 instituciones de Lan\u00fas&#8221; &#8212; \" src=\"https:\/\/laestaciononline.com.ar\/?p=23&#038;embed=true#?secret=ocimrc6RP5#?secret=p07R9TCw6C\" data-secret=\"p07R9TCw6C\" width=\"600\" height=\"338\" frameborder=\"0\" marginwidth=\"0\" marginheight=\"0\" scrolling=\"no\"><\/iframe>\n<\/div><\/figure>\n\n\n\n<figure class=\"wp-block-embed is-type-wp-embed is-provider-embed wp-block-embed-embed\"><div class=\"wp-block-embed__wrapper\">\n<blockquote class=\"wp-embedded-content\" data-secret=\"gPi00Iw50K\"><a href=\"https:\/\/laestaciononline.com.ar\/?p=3247\">El municipio entreg\u00f3 certificados a egresados del Centro de Formaci\u00f3n Profesional de Ministro Rivadavia<\/a><\/blockquote><iframe loading=\"lazy\" class=\"wp-embedded-content\" sandbox=\"allow-scripts\" security=\"restricted\" style=\"position: absolute; visibility: hidden;\" title=\"&#8220;El municipio entreg\u00f3 certificados a egresados del Centro de Formaci\u00f3n Profesional de Ministro Rivadavia&#8221; &#8212; \" src=\"https:\/\/laestaciononline.com.ar\/?p=3247&#038;embed=true#?secret=pMPDzLC4Dg#?secret=gPi00Iw50K\" data-secret=\"gPi00Iw50K\" width=\"600\" height=\"338\" frameborder=\"0\" marginwidth=\"0\" marginheight=\"0\" scrolling=\"no\"><\/iframe>\n<\/div><\/figure>\n\n\n\n<figure class=\"wp-block-embed is-type-wp-embed is-provider-embed wp-block-embed-embed\"><div class=\"wp-block-embed__wrapper\">\n<blockquote class=\"wp-embedded-content\" data-secret=\"cSiGmVlqJR\"><a href=\"https:\/\/laestaciononline.com.ar\/?p=3202\">El municipio de Brown entreg\u00f3 medallas y diplomas a 670 egresados del Plan Fines<\/a><\/blockquote><iframe loading=\"lazy\" class=\"wp-embedded-content\" sandbox=\"allow-scripts\" security=\"restricted\" style=\"position: absolute; visibility: hidden;\" title=\"&#8220;El municipio de Brown entreg\u00f3 medallas y diplomas a 670 egresados del Plan Fines&#8221; &#8212; \" src=\"https:\/\/laestaciononline.com.ar\/?p=3202&#038;embed=true#?secret=jowFfhVuKA#?secret=cSiGmVlqJR\" data-secret=\"cSiGmVlqJR\" width=\"600\" height=\"338\" frameborder=\"0\" marginwidth=\"0\" marginheight=\"0\" scrolling=\"no\"><\/iframe>\n<\/div><\/figure>\n\n\n\n<figure class=\"wp-block-embed is-type-wp-embed is-provider-embed wp-block-embed-embed\"><div class=\"wp-block-embed__wrapper\">\n<blockquote class=\"wp-embedded-content\" data-secret=\"5xbfMDXqmE\"><a href=\"https:\/\/laestaciononline.com.ar\/?p=3190\">El Viaducto &#8220;Papa Francisco&#8221; de Burzaco fue premiado como la mejor obra vial urbana del a\u00f1o<\/a><\/blockquote><iframe loading=\"lazy\" class=\"wp-embedded-content\" sandbox=\"allow-scripts\" security=\"restricted\" style=\"position: absolute; visibility: hidden;\" title=\"&#8220;El Viaducto &#8220;Papa Francisco&#8221; de Burzaco fue premiado como la mejor obra vial urbana del a\u00f1o&#8221; &#8212; \" src=\"https:\/\/laestaciononline.com.ar\/?p=3190&#038;embed=true#?secret=bseyoTJ0c7#?secret=5xbfMDXqmE\" data-secret=\"5xbfMDXqmE\" width=\"600\" height=\"338\" frameborder=\"0\" marginwidth=\"0\" marginheight=\"0\" scrolling=\"no\"><\/iframe>\n<\/div><\/figure>\n\n\n\n<figure class=\"wp-block-embed is-type-wp-embed is-provider-embed wp-block-embed-embed\"><div class=\"wp-block-embed__wrapper\">\n<blockquote class=\"wp-embedded-content\" data-secret=\"bPerPNMfKQ\"><a href=\"https:\/\/laestaciononline.com.ar\/?p=3187\">M\u00e1ximo Kirchner llam\u00f3 a reunir al consejo del PJ bonaerense para discutir la convocatoria a elecciones internas<\/a><\/blockquote><iframe loading=\"lazy\" class=\"wp-embedded-content\" sandbox=\"allow-scripts\" security=\"restricted\" style=\"position: absolute; visibility: hidden;\" title=\"&#8220;M\u00e1ximo Kirchner llam\u00f3 a reunir al consejo del PJ bonaerense para discutir la convocatoria a elecciones internas&#8221; &#8212; \" src=\"https:\/\/laestaciononline.com.ar\/?p=3187&#038;embed=true#?secret=QXsVzr5tht#?secret=bPerPNMfKQ\" data-secret=\"bPerPNMfKQ\" width=\"600\" height=\"338\" frameborder=\"0\" marginwidth=\"0\" marginheight=\"0\" scrolling=\"no\"><\/iframe>\n<\/div><\/figure>\n","protected":false},"excerpt":{"rendered":"","protected":false},"author":1,"featured_media":0,"parent":0,"menu_order":0,"comment_status":"closed","ping_status":"closed","template":"","meta":{"footnotes":""},"class_list":["post-3513","page","type-page","status-publish","hentry"],"_links":{"self":[{"href":"https:\/\/laestaciononline.com.ar\/index.php?rest_route=\/wp\/v2\/pages\/3513","targetHints":{"allow":["GET"]}}],"collection":[{"href":"https:\/\/laestaciononline.com.ar\/index.php?rest_route=\/wp\/v2\/pages"}],"about":[{"href":"https:\/\/laestaciononline.com.ar\/index.php?rest_route=\/wp\/v2\/types\/page"}],"author":[{"embeddable":true,"href":"https:\/\/laestaciononline.com.ar\/index.php?rest_route=\/wp\/v2\/users\/1"}],"replies":[{"embeddable":true,"href":"https:\/\/laestaciononline.com.ar\/index.php?rest_route=%2Fwp%2Fv2%2Fcomments&post=3513"}],"version-history":[{"count":13,"href":"https:\/\/laestaciononline.com.ar\/index.php?rest_route=\/wp\/v2\/pages\/3513\/revisions"}],"predecessor-version":[{"id":4151,"href":"https:\/\/laestaciononline.com.ar\/index.php?rest_route=\/wp\/v2\/pages\/3513\/revisions\/4151"}],"wp:attachment":[{"href":"https:\/\/laestaciononline.com.ar\/index.php?rest_route=%2Fwp%2Fv2%2Fmedia&parent=3513"}],"curies":[{"name":"wp","href":"https:\/\/api.w.org\/{rel}","templated":true}]}}